{"id":1436,"date":"2023-10-11T17:19:32","date_gmt":"2023-10-11T15:19:32","guid":{"rendered":"https:\/\/refuge.graindepixel.fr\/wordpress\/?page_id=1436"},"modified":"2026-02-28T17:03:44","modified_gmt":"2026-02-28T16:03:44","slug":"refuge-angoumois-presentation","status":"publish","type":"page","link":"https:\/\/adopter.graindepixel.fr\/version\/refuge-angoumois-presentation\/","title":{"rendered":"Le refuge de l&rsquo;Angoumois : pr\u00e9sentation"},"content":{"rendered":"<h2>Le refuge de l\u2019Angoumois \u2013 SPA de Mornac<\/h2>\n<h2>Qui sommes nous ?<br \/>\n<\/h2>\n<h2>Refuge de l\u2019Angoumois <\/h2>\n<h3>Objectif : Recueillir les chiens et chats abandonn\u00e9s ou maltrait\u00e9s en Charente<br \/>\n<\/h3>\n<p>\t\t\t\t\t\t\t\t\t\t\t\t\t\t\t<img loading=\"lazy\" decoding=\"async\" width=\"1024\" height=\"682\" src=\"https:\/\/adopter.graindepixel.fr\/version\/wp-content\/uploads\/2025\/11\/Refuge-Angoumois-08-10-23-74-1-1024x682.jpg\" alt=\"\" srcset=\"https:\/\/adopter.graindepixel.fr\/version\/wp-content\/uploads\/2025\/11\/Refuge-Angoumois-08-10-23-74-1-1024x682.jpg 1024w, https:\/\/adopter.graindepixel.fr\/version\/wp-content\/uploads\/2025\/11\/Refuge-Angoumois-08-10-23-74-1-300x200.jpg 300w, https:\/\/adopter.graindepixel.fr\/version\/wp-content\/uploads\/2025\/11\/Refuge-Angoumois-08-10-23-74-1-768x511.jpg 768w, https:\/\/adopter.graindepixel.fr\/version\/wp-content\/uploads\/2025\/11\/Refuge-Angoumois-08-10-23-74-1-1536x1022.jpg 1536w, https:\/\/adopter.graindepixel.fr\/version\/wp-content\/uploads\/2025\/11\/Refuge-Angoumois-08-10-23-74-1.jpg 2048w\" sizes=\"auto, (max-width: 1024px) 100vw, 1024px\" \/>\t\t\t\t\t\t\t\t\t\t\t\t\t\t\t<\/p>\n<h2>Nos missions<\/h2>\n<h3>Un refuge ind\u00e9pendant<\/h3>\n<p>N\u00e9 en 1966, le Refuge de l\u2019Angoumois est une <a href=\"https:\/\/www.helloasso.com\/blog\/comment-fonctionne-une-association\/\" target=\"_blank\" rel=\"noopener\"><strong>Association Loi 1901<\/strong> <\/a>qui recueille chaque ann\u00e9e sur son site \u00e0 Mornac plus de 1 200 chiens et chats maltrait\u00e9s et abandonn\u00e9s en Charente. Au quotidien, les salari\u00e9s et b\u00e9n\u00e9voles du Refuge \u0153uvrent ensemble autour de 4 missions principales :<\/p>\n<ul>\n<li>Accueillir et soigner les chiens et chats errants, maltrait\u00e9s ou abandonn\u00e9s<\/li>\n<li>Lutter contre <a href=\"https:\/\/adopter.graindepixel.fr\/version\/maltraitance-animale-refuge\/\"><strong>la maltraitance<\/strong><\/a><\/li>\n<li>Responsabiliser les propri\u00e9taires d\u2019animaux<\/li>\n<li>Sensibiliser le public \u00e0 la protection et au respect de l\u2019animal<\/li>\n<\/ul>\n<h2>Notre organisation<\/h2>\n<h3>Une association loi 1901<\/h3>\n<p>Refuge ind\u00e9pendant g\u00e9r\u00e9 par une association loi 1901 comme bon nombre de refuges en France. Qu\u2019est-ce que cela signifie concr\u00e8tement ?<\/p>\n<p>\u00a0<\/p>\n<p>L\u2019association est constitu\u00e9e de membres actifs et elle est administr\u00e9e par un conseil d\u2019administration (CA) de 12 membres (pr\u00e9sident, vice pr\u00e9sident, tr\u00e9sorier et adjoint, secr\u00e9taire et adjoint\u2026) et de membres tous charg\u00e9s d\u2019assurer le bon fonctionnement du refuge dans tous ses aspects (administratifs, financiers, actions en justice\u2026<\/p>\n<p>\u00a0<\/p>\n<p>Autant dire une autonomie insuffisante pour une petite structure comme la n\u00f4tre.\u00a0<\/p>\n<p>\t\t\t\t\t\t\t\t\t\t\t\t\t\t\t<img loading=\"lazy\" decoding=\"async\" width=\"719\" height=\"725\" src=\"https:\/\/adopter.graindepixel.fr\/version\/wp-content\/uploads\/2025\/11\/Logo-rond-avec-ecriture.png\" alt=\"\" srcset=\"https:\/\/adopter.graindepixel.fr\/version\/wp-content\/uploads\/2025\/11\/Logo-rond-avec-ecriture.png 719w, https:\/\/adopter.graindepixel.fr\/version\/wp-content\/uploads\/2025\/11\/Logo-rond-avec-ecriture-298x300.png 298w, https:\/\/adopter.graindepixel.fr\/version\/wp-content\/uploads\/2025\/11\/Logo-rond-avec-ecriture-150x150.png 150w, https:\/\/adopter.graindepixel.fr\/version\/wp-content\/uploads\/2025\/11\/Logo-rond-avec-ecriture-60x61.png 60w\" sizes=\"auto, (max-width: 719px) 100vw, 719px\" \/>\t\t\t\t\t\t\t\t\t\t\t\t\t\t\t<\/p>\n<h3>Quelles sont les<\/h3>\n<h2>ressources de notre refuge<\/h2>\n<ul>\n<li>Vos adh\u00e9sions,<\/li>\n<li>Les adoptions<\/li>\n<li>Les subventions de l\u2019\u00e9tat, de la r\u00e9gion, du d\u00e9partement, communes,\u00a0 fondations (30 millions d\u2019amis)<\/li>\n<li>Les dons et legs,<\/li>\n<li>Les produits des manifestations organis\u00e9es par le refuge\u2026<\/li>\n<\/ul>\n<h2>Un refuge engag\u00e9 pour les animaux abandonn\u00e9s et maltrait\u00e9s<br \/>\n<\/h2>\n<h3>Le refuge de l\u2019Angoumois et ses principes<br \/>\n<\/h3>\n<p>\t\t\t\t\t\t\t\t\t\t\t\t\t\t\t<img loading=\"lazy\" decoding=\"async\" width=\"1024\" height=\"682\" src=\"https:\/\/adopter.graindepixel.fr\/version\/wp-content\/uploads\/2025\/11\/erfuge-angoumois-25-10-25-grain-de-pixel-399-1024x682.jpg\" alt=\"\" srcset=\"https:\/\/adopter.graindepixel.fr\/version\/wp-content\/uploads\/2025\/11\/erfuge-angoumois-25-10-25-grain-de-pixel-399-1024x682.jpg 1024w, https:\/\/adopter.graindepixel.fr\/version\/wp-content\/uploads\/2025\/11\/erfuge-angoumois-25-10-25-grain-de-pixel-399-300x200.jpg 300w, https:\/\/adopter.graindepixel.fr\/version\/wp-content\/uploads\/2025\/11\/erfuge-angoumois-25-10-25-grain-de-pixel-399-768x511.jpg 768w, https:\/\/adopter.graindepixel.fr\/version\/wp-content\/uploads\/2025\/11\/erfuge-angoumois-25-10-25-grain-de-pixel-399-1536x1022.jpg 1536w, https:\/\/adopter.graindepixel.fr\/version\/wp-content\/uploads\/2025\/11\/erfuge-angoumois-25-10-25-grain-de-pixel-399.jpg 2048w\" sizes=\"auto, (max-width: 1024px) 100vw, 1024px\" \/>\t\t\t\t\t\t\t\t\t\t\t\t\t\t\t<\/p>\n<h4>Secours et Sauvetage<\/h4>\n<p>Le refuge de l\u2019Angoumois offre un lieu de secours imm\u00e9diat pour les animaux sans abri ou en d\u00e9tresse. <a href=\"https:\/\/adopter.graindepixel.fr\/version\/les-adoptions\/\"><strong>Nous recueillons les animaux errants, abandonn\u00e9s ou maltrait\u00e9s<\/strong><\/a>, leur fournissant des soins m\u00e9dicaux, de la nourriture, un abri et de l\u2019affection.<\/p>\n<p>\t\t\t\t\t\t\t\t\t\t\t\t\t\t\t<img loading=\"lazy\" decoding=\"async\" width=\"1024\" height=\"682\" src=\"https:\/\/adopter.graindepixel.fr\/version\/wp-content\/uploads\/2025\/11\/erfuge-angoumois-25-10-25-grain-de-pixel-572-1024x682.jpg\" alt=\"\" srcset=\"https:\/\/adopter.graindepixel.fr\/version\/wp-content\/uploads\/2025\/11\/erfuge-angoumois-25-10-25-grain-de-pixel-572-1024x682.jpg 1024w, https:\/\/adopter.graindepixel.fr\/version\/wp-content\/uploads\/2025\/11\/erfuge-angoumois-25-10-25-grain-de-pixel-572-300x200.jpg 300w, https:\/\/adopter.graindepixel.fr\/version\/wp-content\/uploads\/2025\/11\/erfuge-angoumois-25-10-25-grain-de-pixel-572-768x511.jpg 768w, https:\/\/adopter.graindepixel.fr\/version\/wp-content\/uploads\/2025\/11\/erfuge-angoumois-25-10-25-grain-de-pixel-572-1536x1022.jpg 1536w, https:\/\/adopter.graindepixel.fr\/version\/wp-content\/uploads\/2025\/11\/erfuge-angoumois-25-10-25-grain-de-pixel-572.jpg 2048w\" sizes=\"auto, (max-width: 1024px) 100vw, 1024px\" \/>\t\t\t\t\t\t\t\t\t\t\t\t\t\t\t<\/p>\n<h4>Soins et sant\u00e9<\/h4>\n<p>Les animaux recueillis peuvent n\u00e9cessiter des soins v\u00e9t\u00e9rinaires, de la r\u00e9habilitation physique ou comportementale. Notre refuge veille \u00e0 ce que chaque animal re\u00e7oive les soins n\u00e9cessaires pour am\u00e9liorer sa sant\u00e9 et son bien-\u00eatre.<\/p>\n<p>\t\t\t\t\t\t\t\t\t\t\t\t\t\t\t<img loading=\"lazy\" decoding=\"async\" width=\"1024\" height=\"682\" src=\"https:\/\/adopter.graindepixel.fr\/version\/wp-content\/uploads\/2025\/11\/erfuge-angoumois-25-10-25-grain-de-pixel-692-1024x682.jpg\" alt=\"\" srcset=\"https:\/\/adopter.graindepixel.fr\/version\/wp-content\/uploads\/2025\/11\/erfuge-angoumois-25-10-25-grain-de-pixel-692-1024x682.jpg 1024w, https:\/\/adopter.graindepixel.fr\/version\/wp-content\/uploads\/2025\/11\/erfuge-angoumois-25-10-25-grain-de-pixel-692-300x200.jpg 300w, https:\/\/adopter.graindepixel.fr\/version\/wp-content\/uploads\/2025\/11\/erfuge-angoumois-25-10-25-grain-de-pixel-692-768x511.jpg 768w, https:\/\/adopter.graindepixel.fr\/version\/wp-content\/uploads\/2025\/11\/erfuge-angoumois-25-10-25-grain-de-pixel-692-1536x1022.jpg 1536w, https:\/\/adopter.graindepixel.fr\/version\/wp-content\/uploads\/2025\/11\/erfuge-angoumois-25-10-25-grain-de-pixel-692.jpg 2048w\" sizes=\"auto, (max-width: 1024px) 100vw, 1024px\" \/>\t\t\t\t\t\t\t\t\t\t\t\t\t\t\t<\/p>\n<h4>Adoption Responsable<\/h4>\n<p>Notre refuge encourage <a href=\"https:\/\/adopter.graindepixel.fr\/version\/frais-d-adoption-spa-mornac\/\"><strong>l\u2019adoption responsable en trouvant des familles aimantes<\/strong> <\/a>pour les animaux. Nous effectuons des \u00e9valuations pour nous assurer que les nouveaux propri\u00e9taires offrent un environnement appropri\u00e9 et s\u2019engagent \u00e0 prendre soin de l\u2019animal pour la vie.<\/p>\n<p>\t\t\t\t\t\t\t\t\t\t\t\t\t\t\t<img loading=\"lazy\" decoding=\"async\" width=\"1024\" height=\"682\" src=\"https:\/\/adopter.graindepixel.fr\/version\/wp-content\/uploads\/2025\/11\/erfuge-angoumois-25-10-25-grain-de-pixel-434-1024x682.jpg\" alt=\"\" srcset=\"https:\/\/adopter.graindepixel.fr\/version\/wp-content\/uploads\/2025\/11\/erfuge-angoumois-25-10-25-grain-de-pixel-434-1024x682.jpg 1024w, https:\/\/adopter.graindepixel.fr\/version\/wp-content\/uploads\/2025\/11\/erfuge-angoumois-25-10-25-grain-de-pixel-434-300x200.jpg 300w, https:\/\/adopter.graindepixel.fr\/version\/wp-content\/uploads\/2025\/11\/erfuge-angoumois-25-10-25-grain-de-pixel-434-768x511.jpg 768w, https:\/\/adopter.graindepixel.fr\/version\/wp-content\/uploads\/2025\/11\/erfuge-angoumois-25-10-25-grain-de-pixel-434-1536x1022.jpg 1536w, https:\/\/adopter.graindepixel.fr\/version\/wp-content\/uploads\/2025\/11\/erfuge-angoumois-25-10-25-grain-de-pixel-434.jpg 2048w\" sizes=\"auto, (max-width: 1024px) 100vw, 1024px\" \/>\t\t\t\t\t\t\t\t\t\t\t\t\t\t\t<\/p>\n<h4>\u00c9ducation &#8211; Sensibilisation<\/h4>\n<p>Le refuge de l\u2019Angoumois joue un r\u00f4le crucial <a href=\"https:\/\/adopter.graindepixel.fr\/version\/accueillir-un-chat-spa-mornac\/\"><strong>dans l\u2019\u00e9ducation du public sur la protection des animaux, les soins appropri\u00e9s et les implications de l\u2019abandon animalier<\/strong><\/a>. Le refuge organise des programmes \u00e9ducatifs, \u00e9v\u00e9nements et initiatives pour sensibiliser les gens \u00e0 la cause animale.<\/p>\n","protected":false},"excerpt":{"rendered":"<p>Le refuge de l\u2019Angoumois \u2013 SPA de Mornac Qui sommes nous ? Refuge de l\u2019Angoumois Objectif : Recueillir les chiens et chats abandonn\u00e9s ou maltrait\u00e9s en Charente Nos missions Un refuge ind\u00e9pendant N\u00e9 en 1966, le Refuge de l\u2019Angoumois est une Association Loi 1901 qui recueille chaque ann\u00e9e sur son site \u00e0 Mornac plus de [&hellip;]<\/p>\n","protected":false},"author":1,"featured_media":1870,"parent":0,"menu_order":0,"comment_status":"closed","ping_status":"closed","template":"","meta":{"_acf_changed":false,"footnotes":""},"class_list":["post-1436","page","type-page","status-publish","has-post-thumbnail","hentry"],"acf":[],"_links":{"self":[{"href":"https:\/\/adopter.graindepixel.fr\/version\/wp-json\/wp\/v2\/pages\/1436","targetHints":{"allow":["GET"]}}],"collection":[{"href":"https:\/\/adopter.graindepixel.fr\/version\/wp-json\/wp\/v2\/pages"}],"about":[{"href":"https:\/\/adopter.graindepixel.fr\/version\/wp-json\/wp\/v2\/types\/page"}],"author":[{"embeddable":true,"href":"https:\/\/adopter.graindepixel.fr\/version\/wp-json\/wp\/v2\/users\/1"}],"replies":[{"embeddable":true,"href":"https:\/\/adopter.graindepixel.fr\/version\/wp-json\/wp\/v2\/comments?post=1436"}],"version-history":[{"count":0,"href":"https:\/\/adopter.graindepixel.fr\/version\/wp-json\/wp\/v2\/pages\/1436\/revisions"}],"wp:featuredmedia":[{"embeddable":true,"href":"https:\/\/adopter.graindepixel.fr\/version\/wp-json\/wp\/v2\/media\/1870"}],"wp:attachment":[{"href":"https:\/\/adopter.graindepixel.fr\/version\/wp-json\/wp\/v2\/media?parent=1436"}],"curies":[{"name":"wp","href":"https:\/\/api.w.org\/{rel}","templated":true}]}}