{"id":1694,"date":"2023-11-03T15:16:58","date_gmt":"2023-11-03T14:16:58","guid":{"rendered":"https:\/\/refuge.graindepixel.fr\/wordpress\/?page_id=1694"},"modified":"2026-02-09T18:28:10","modified_gmt":"2026-02-09T17:28:10","slug":"equipe-du-refuge-soigneurs","status":"publish","type":"page","link":"https:\/\/adopter.graindepixel.fr\/version\/equipe-du-refuge-soigneurs\/","title":{"rendered":"L&rsquo;\u00e9quipe du refuge"},"content":{"rendered":"<h1>L\u2019\u00e9quipe du refuge<br \/>\n<\/h1>\n<h2>Nos soigneurs ont du talent<br \/>\n<\/h2>\n<h2>Un refuge pour les animaux abandonn\u00e9s<br \/>\n<\/h2>\n<h3>C\u2019est avant tout des professionnels impliqu\u00e9s<\/h3>\n<p>Un refuge ne fonctionne pas sans personnels,<a href=\"https:\/\/adopter.graindepixel.fr\/version\/benevole-au-refuge-de-langoumois\/\"><strong> sans b\u00e9n\u00e9voles<\/strong><\/a>, sans soigneurs. C\u2019est avant tout une \u00e9quipe humaine et investie dans sa mission de tous les jours : veiller sur les animaux , chiens, chats du refuge. C\u2019est au quotidien nourrir, soigner, nettoyer, promener. C\u2019est un travail long, fastidieux, qui se r\u00e9p\u00e8te chaque jour de la semaine, samedis comme dimanches, jours f\u00e9ri\u00e9s.<\/p>\n<p>C\u2019est aussi devoir affronter la maladie, la mort, la maltraitance. <a href=\"https:\/\/adopter.graindepixel.fr\/version\/frais-d-adoption-spa-mornac\/\"><strong>mais aussi d\u00e9couvrir et rencontrer des familles d\u2019adoptants.<\/strong><\/a> C\u2019est favoriser une nouvelle vie pour chaque pensionnaire. Ces soigneurs vivent chaque jour pour ces animaux que la vie a cass\u00e9. Ils sont aux chevets de ces pensionnaires pour les aider \u00e0 grandir, reprendre confiance et retrouver un semblant de normalit\u00e9.<\/p>\n<p>Voici les portraits de Kelly, Nicolas, Dominique, Ang\u00e9lique\u2026 Il sont les visages connus du refuge mais restent souvent dans l\u2019ombre. Nettoyage <a href=\"https:\/\/adopter.graindepixel.fr\/version\/amenagement-du-refuge-angoumois-spa-mornac\/\"><strong>des box<\/strong><\/a>, alimentation, soins , r\u00e9solution de probl\u00e8mes, fourri\u00e8re, la liste de leurs t\u00e2ches est infinie. Sans eux le refuge ne fonctionnerait pas.<\/p>\n<p>\t\t\t\t\t\t\t\t\t\t\t\t\t\t\t<img loading=\"lazy\" decoding=\"async\" width=\"719\" height=\"725\" src=\"https:\/\/adopter.graindepixel.fr\/version\/wp-content\/uploads\/2025\/11\/Logo-rond-avec-ecriture.png\" alt=\"\" srcset=\"https:\/\/adopter.graindepixel.fr\/version\/wp-content\/uploads\/2025\/11\/Logo-rond-avec-ecriture.png 719w, https:\/\/adopter.graindepixel.fr\/version\/wp-content\/uploads\/2025\/11\/Logo-rond-avec-ecriture-298x300.png 298w, https:\/\/adopter.graindepixel.fr\/version\/wp-content\/uploads\/2025\/11\/Logo-rond-avec-ecriture-150x150.png 150w, https:\/\/adopter.graindepixel.fr\/version\/wp-content\/uploads\/2025\/11\/Logo-rond-avec-ecriture-60x61.png 60w\" sizes=\"auto, (max-width: 719px) 100vw, 719px\" \/>\t\t\t\t\t\t\t\t\t\t\t\t\t\t\t<\/p>\n<h2>Kelly<\/h2>\n<h3>Responsable d\u2019\u00e9quipe<\/h3>\n<p>\t\t\t\t\t\t\t\t\t\t\t\t\t\t\t<img loading=\"lazy\" decoding=\"async\" width=\"1024\" height=\"682\" src=\"https:\/\/adopter.graindepixel.fr\/version\/wp-content\/uploads\/2023\/12\/refuge-de-l-angoumois-26-10-23-graindepixel-924-1024x682.jpg\" alt=\"kelly - responsable d&#039;\u00e9quipe au refuge de l&#039;Angoumois - SPA Mornac - Charente\" srcset=\"https:\/\/collectif.graindepixel.fr\/element\/wp-content\/uploads\/2023\/12\/refuge-de-l-angoumois-26-10-23-graindepixel-924-1024x682.jpg 1024w, https:\/\/collectif.graindepixel.fr\/element\/wp-content\/uploads\/2023\/12\/refuge-de-l-angoumois-26-10-23-graindepixel-924-300x200.jpg 300w, https:\/\/collectif.graindepixel.fr\/element\/wp-content\/uploads\/2023\/12\/refuge-de-l-angoumois-26-10-23-graindepixel-924-768x511.jpg 768w, https:\/\/collectif.graindepixel.fr\/element\/wp-content\/uploads\/2023\/12\/refuge-de-l-angoumois-26-10-23-graindepixel-924-1536x1022.jpg 1536w, https:\/\/collectif.graindepixel.fr\/element\/wp-content\/uploads\/2023\/12\/refuge-de-l-angoumois-26-10-23-graindepixel-924.jpg 2048w\" sizes=\"auto, (max-width: 1024px) 100vw, 1024px\" \/>\t\t\t\t\t\t\t\t\t\t\t\t\t\t\t<\/p>\n<h4>Ce que j&rsquo;aime dans mon m\u00e9tier<br \/>\n<\/h4>\n<ul>\n<li>Se lever chaque jour pour la protection animale<\/li>\n<li>En apprendre quotidiennement sur le comportement canin<\/li>\n<li>Les journ\u00e9es pleines d\u2019impr\u00e9vues, qui ne se ressemblent jamais<\/li>\n<li>Essayer d\u2019am\u00e9liorer chaque jour les conditions de vies de nos pensionnaires et trouver de belles solutions pour les aider<\/li>\n<li>Faire en sorte de trouver les familles qui correspondent \u00e0 chacun pour que nos pensionnaires trouvent enfin la vie qu\u2019ils m\u00e9ritent<\/li>\n<li>Un travail enrichissant aupr\u00e8s des coll\u00e8gues et b\u00e9n\u00e9voles passionn\u00e9s<\/li>\n<\/ul>\n<h4>Ce que je n\u2019aime pas<\/h4>\n<ul>\n<li>Etre confront\u00e9e \u00e0 la mort et \u00e0 la maladie<\/li>\n<li>C\u00f4toyer des personnes maltraitantes et irrespectueuses, et devoir garder son calme<\/li>\n<li>Trouver chaque instant de nouvelles familles \u00e0 nos loulous et voir pourtant le refuge continuer \u00e0 se remplir constamment souvent en raison de lois et et de sanctions insuffisantes ou manquant d\u2019impact.<\/li>\n<li>Les journ\u00e9es bien trop courtes<\/li>\n<li>La mauvaise influence des m\u00e9dias sur certaines races de chiens<\/li>\n<li>L\u2019irresponsabilit\u00e9 des gens<\/li>\n<\/ul>\n<h2>Nicolas<\/h2>\n<h3>Soigneur animalier<\/h3>\n<p>\t\t\t\t\t\t\t\t\t\t\t\t\t\t\t<img loading=\"lazy\" decoding=\"async\" width=\"1024\" height=\"682\" src=\"https:\/\/adopter.graindepixel.fr\/version\/wp-content\/uploads\/2023\/11\/refuge-de-l-angoumois-26-10-23-graindepixel-936-1024x682.jpg\" alt=\"\" srcset=\"https:\/\/collectif.graindepixel.fr\/element\/wp-content\/uploads\/2023\/11\/refuge-de-l-angoumois-26-10-23-graindepixel-936-1024x682.jpg 1024w, https:\/\/collectif.graindepixel.fr\/element\/wp-content\/uploads\/2023\/11\/refuge-de-l-angoumois-26-10-23-graindepixel-936-300x200.jpg 300w, https:\/\/collectif.graindepixel.fr\/element\/wp-content\/uploads\/2023\/11\/refuge-de-l-angoumois-26-10-23-graindepixel-936-768x511.jpg 768w, https:\/\/collectif.graindepixel.fr\/element\/wp-content\/uploads\/2023\/11\/refuge-de-l-angoumois-26-10-23-graindepixel-936-1536x1022.jpg 1536w, https:\/\/collectif.graindepixel.fr\/element\/wp-content\/uploads\/2023\/11\/refuge-de-l-angoumois-26-10-23-graindepixel-936.jpg 2048w\" sizes=\"auto, (max-width: 1024px) 100vw, 1024px\" \/>\t\t\t\t\t\t\t\t\t\t\t\t\t\t\t<\/p>\n<h4>Ce que j&rsquo;aime dans mon m\u00e9tier<br \/>\n<\/h4>\n<ul>\n<li>Avoir la satisfaction de trouver une nouvelle famille aux animaux du refuge<\/li>\n<li>Casser les pr\u00e9jug\u00e9s sur les races<\/li>\n<li>Apporter attention et affection aux chiens<\/li>\n<li>Donner des conseils aux adoptant pour mieux accueillir les loulous dans leur nouvelle famille<\/li>\n<li>Se lever chaque matin avec le sourire au l\u00e8vres en sachant que mon m\u00e9tier a un but utile<\/li>\n<\/ul>\n<h4>Ce que je n\u2019aime pas<\/h4>\n<ul>\n<li>Faire face \u00e0 la maltraitance animale<\/li>\n<li>Devoir g\u00e9rer les abandons surtout ceux li\u00e9s aux acquisitions impulsives ou aux petits \u00ab\u00a0probl\u00e8mes\u00a0\u00bb de comportement<\/li>\n<li>Laisser les chiens derri\u00e8re moi quand je rentre \u00e0 la maison<\/li>\n<li>Le manque de moyens financiers pour une association comme le\u00a0<strong><a href=\"https:\/\/refugedelangoumois.fr\/faire-un-don-ou-un-legs-au-refuge\/\" data-type=\"page\" data-id=\"1728\" target=\"_blank\" rel=\"noopener\">refuge, ind\u00e9pendante de la SPA de Paris<\/a><\/strong><\/li>\n<li>Composer avec le laxisme et l\u2019absurdit\u00e9 de certaines lois autour de la protection animale<\/li>\n<\/ul>\n<h2>Marie<\/h2>\n<h3>Soigneur animalier<\/h3>\n<p>\t\t\t\t\t\t\t\t\t\t\t\t\t\t\t<img loading=\"lazy\" decoding=\"async\" width=\"1024\" height=\"682\" src=\"https:\/\/adopter.graindepixel.fr\/version\/wp-content\/uploads\/2023\/11\/refuge-de-l-angoumois-26-10-23-graindepixel-940-1024x682.jpg\" alt=\"\" srcset=\"https:\/\/collectif.graindepixel.fr\/element\/wp-content\/uploads\/2023\/11\/refuge-de-l-angoumois-26-10-23-graindepixel-940-1024x682.jpg 1024w, https:\/\/collectif.graindepixel.fr\/element\/wp-content\/uploads\/2023\/11\/refuge-de-l-angoumois-26-10-23-graindepixel-940-300x200.jpg 300w, https:\/\/collectif.graindepixel.fr\/element\/wp-content\/uploads\/2023\/11\/refuge-de-l-angoumois-26-10-23-graindepixel-940-768x511.jpg 768w, https:\/\/collectif.graindepixel.fr\/element\/wp-content\/uploads\/2023\/11\/refuge-de-l-angoumois-26-10-23-graindepixel-940-1536x1022.jpg 1536w, https:\/\/collectif.graindepixel.fr\/element\/wp-content\/uploads\/2023\/11\/refuge-de-l-angoumois-26-10-23-graindepixel-940.jpg 2048w\" sizes=\"auto, (max-width: 1024px) 100vw, 1024px\" \/>\t\t\t\t\t\t\t\t\t\t\t\t\t\t\t<\/p>\n<h4>Ce que j&rsquo;aime dans mon m\u00e9tier<br \/>\n<\/h4>\n<ul>\n<li>Me lever tous les matins pour aller travailler<\/li>\n<li>Je n\u2019aurais pas souhait\u00e9 faire autre chose<\/li>\n<li>Avoir une passion commune avec mes coll\u00e8gues<\/li>\n<li>Le contact avec les animaux et les personnes<\/li>\n<li>Voir partir les animaux vers une vie meilleure<\/li>\n<\/ul>\n<h4>Ce que je n\u2019aime pas<\/h4>\n<ul>\n<li>La surpopulation des chats d\u00fb \u00e0 l\u2019irresponsabilit\u00e9<\/li>\n<li>La surcharge de travail<\/li>\n<li>Rentrer chez soi le soir avec la frustration de ne pas avoir r\u00e9ussi \u00e0 faire toutes les taches<\/li>\n<\/ul>\n<h2>Dominique<\/h2>\n<h3>Soigneur animalier<br \/>\n<\/h3>\n<p>\t\t\t\t\t\t\t\t\t\t\t\t\t\t\t<img loading=\"lazy\" decoding=\"async\" width=\"1024\" height=\"682\" src=\"https:\/\/adopter.graindepixel.fr\/version\/wp-content\/uploads\/2023\/11\/refuge-de-l-angoumois-26-10-23-graindepixel-911-1024x682.jpg\" alt=\"\" srcset=\"https:\/\/collectif.graindepixel.fr\/element\/wp-content\/uploads\/2023\/11\/refuge-de-l-angoumois-26-10-23-graindepixel-911-1024x682.jpg 1024w, https:\/\/collectif.graindepixel.fr\/element\/wp-content\/uploads\/2023\/11\/refuge-de-l-angoumois-26-10-23-graindepixel-911-300x200.jpg 300w, https:\/\/collectif.graindepixel.fr\/element\/wp-content\/uploads\/2023\/11\/refuge-de-l-angoumois-26-10-23-graindepixel-911-768x511.jpg 768w, https:\/\/collectif.graindepixel.fr\/element\/wp-content\/uploads\/2023\/11\/refuge-de-l-angoumois-26-10-23-graindepixel-911-1536x1022.jpg 1536w, https:\/\/collectif.graindepixel.fr\/element\/wp-content\/uploads\/2023\/11\/refuge-de-l-angoumois-26-10-23-graindepixel-911.jpg 2048w\" sizes=\"auto, (max-width: 1024px) 100vw, 1024px\" \/>\t\t\t\t\t\t\t\t\t\t\t\t\t\t\t<\/p>\n<h4>Ce que j&rsquo;aime dans mon m\u00e9tier<br \/>\n<\/h4>\n<ul>\n<li>Le relationnel avec les chiens<\/li>\n<li>L\u2019impression de faire un m\u00e9tier utile<\/li>\n<li>Sauver des chiens<\/li>\n<li>Remettre les chiens en confiance<\/li>\n<li>Diversit\u00e9 des t\u00e2ches du quotidien<\/li>\n<\/ul>\n<h4>Ce que je n\u2019aime pas<\/h4>\n<ul>\n<li>La confrontation avec la mort<\/li>\n<li>La maltraitance des humains envers les animaux<\/li>\n<li>Difficult\u00e9 psychologique de ce m\u00e9tier<\/li>\n<li>La difficult\u00e9 physique du m\u00e9tier<\/li>\n<li>Ne jamais \u00eatre s\u00fbr \u00e0 100% que le chien sera adopt\u00e9 par la bonne famille<\/li>\n<\/ul>\n<h2>Angie<\/h2>\n<h3>Agent administratif<br \/>\n<\/h3>\n<p>\t\t\t\t\t\t\t\t\t\t\t\t\t\t\t<img loading=\"lazy\" decoding=\"async\" width=\"1024\" height=\"682\" src=\"https:\/\/adopter.graindepixel.fr\/version\/wp-content\/uploads\/2023\/12\/refuge-de-l-angoumois-26-10-23-graindepixel-901-1024x682.jpg\" alt=\"ang\u00e9lique - responsable administratif - refuge de l&#039;Angoumois - SPA Mornac - Charente\" srcset=\"https:\/\/collectif.graindepixel.fr\/element\/wp-content\/uploads\/2023\/12\/refuge-de-l-angoumois-26-10-23-graindepixel-901-1024x682.jpg 1024w, https:\/\/collectif.graindepixel.fr\/element\/wp-content\/uploads\/2023\/12\/refuge-de-l-angoumois-26-10-23-graindepixel-901-300x200.jpg 300w, https:\/\/collectif.graindepixel.fr\/element\/wp-content\/uploads\/2023\/12\/refuge-de-l-angoumois-26-10-23-graindepixel-901-768x511.jpg 768w, https:\/\/collectif.graindepixel.fr\/element\/wp-content\/uploads\/2023\/12\/refuge-de-l-angoumois-26-10-23-graindepixel-901-1536x1022.jpg 1536w, https:\/\/collectif.graindepixel.fr\/element\/wp-content\/uploads\/2023\/12\/refuge-de-l-angoumois-26-10-23-graindepixel-901.jpg 2048w\" sizes=\"auto, (max-width: 1024px) 100vw, 1024px\" \/>\t\t\t\t\t\t\t\t\t\t\t\t\t\t\t<\/p>\n<h4>Ce que j&rsquo;aime dans mon m\u00e9tier<br \/>\n<\/h4>\n<ul>\n<li>\u00catre au contact des animaux<\/li>\n<li>Etre \u00e0 l\u2019\u00e9coute et avoir de l\u2019empathie envers les personnes qui abandonnent suivant les situations<\/li>\n<li>Savoir rester calme face \u00e0 certaines situations et personnes<\/li>\n<li>Aucune journ\u00e9e ne se ressemble<\/li>\n<li>Les adoptions qui offrent un nouveau foyer \u00e0 nos pensionnaires<\/li>\n<\/ul>\n<h4>Ce que je n\u2019aime pas<\/h4>\n<ul>\n<li>\u00catre sollicit\u00e9e au quotidien et ne pas avoir le temps d\u2019effectuer toutes mes t\u00e2ches<\/li>\n<li>Le non respect des personnes qui font reproduire des chiens cat\u00e9goris\u00e9s qui finiront au refuge<\/li>\n<li>Les journ\u00e9es jamais assez longues<\/li>\n<li>Le retrait d\u2019animaux aupr\u00e8s de personnes qui ne se manifestent pas aupr\u00e8s du refuge pour demande l\u2019aide<\/li>\n<\/ul>\n","protected":false},"excerpt":{"rendered":"<p>L\u2019\u00e9quipe du refuge Nos soigneurs ont du talent Un refuge pour les animaux abandonn\u00e9s C\u2019est avant tout des professionnels impliqu\u00e9s Un refuge ne fonctionne pas sans personnels, sans b\u00e9n\u00e9voles, sans soigneurs. C\u2019est avant tout une \u00e9quipe humaine et investie dans sa mission de tous les jours : veiller sur les animaux , chiens, chats du [&hellip;]<\/p>\n","protected":false},"author":1,"featured_media":1709,"parent":0,"menu_order":0,"comment_status":"closed","ping_status":"closed","template":"","meta":{"_acf_changed":false,"footnotes":""},"class_list":["post-1694","page","type-page","status-publish","has-post-thumbnail","hentry"],"acf":[],"_links":{"self":[{"href":"https:\/\/adopter.graindepixel.fr\/version\/wp-json\/wp\/v2\/pages\/1694","targetHints":{"allow":["GET"]}}],"collection":[{"href":"https:\/\/adopter.graindepixel.fr\/version\/wp-json\/wp\/v2\/pages"}],"about":[{"href":"https:\/\/adopter.graindepixel.fr\/version\/wp-json\/wp\/v2\/types\/page"}],"author":[{"embeddable":true,"href":"https:\/\/adopter.graindepixel.fr\/version\/wp-json\/wp\/v2\/users\/1"}],"replies":[{"embeddable":true,"href":"https:\/\/adopter.graindepixel.fr\/version\/wp-json\/wp\/v2\/comments?post=1694"}],"version-history":[{"count":0,"href":"https:\/\/adopter.graindepixel.fr\/version\/wp-json\/wp\/v2\/pages\/1694\/revisions"}],"wp:featuredmedia":[{"embeddable":true,"href":"https:\/\/adopter.graindepixel.fr\/version\/wp-json\/wp\/v2\/media\/1709"}],"wp:attachment":[{"href":"https:\/\/adopter.graindepixel.fr\/version\/wp-json\/wp\/v2\/media?parent=1694"}],"curies":[{"name":"wp","href":"https:\/\/api.w.org\/{rel}","templated":true}]}}