{"id":1753,"date":"2023-11-27T11:31:06","date_gmt":"2023-11-27T10:31:06","guid":{"rendered":"https:\/\/refuge.graindepixel.fr\/wordpress\/?page_id=1753"},"modified":"2026-02-28T17:10:45","modified_gmt":"2026-02-28T16:10:45","slug":"chiens-de-categorie-legislation","status":"publish","type":"page","link":"https:\/\/adopter.graindepixel.fr\/version\/chiens-de-categorie-legislation\/","title":{"rendered":"Les chiens de cat\u00e9gorie"},"content":{"rendered":"<h2>Les chiens  de cat\u00e9gorie<\/h2>\n<h3>Refuge de l&rsquo;Angoumois &#8211; SPA de Mornac<\/h3>\n<p>\t\t\t\t\t\t\t\t\t\t\t\t\t\t\t<img loading=\"lazy\" decoding=\"async\" width=\"1024\" height=\"682\" src=\"https:\/\/adopter.graindepixel.fr\/version\/wp-content\/uploads\/2025\/12\/erfuge-angoumois-25-10-25-grain-de-pixel-357-1-1024x682.jpg\" alt=\"chiens de cat\u00e9gorie - refuge de l&#039;Angoumois - SPA de Charente - cr\u00e9dit photo : franck simon - photographe canin \u00e0 Angoul\u00eame\" srcset=\"https:\/\/adopter.graindepixel.fr\/version\/wp-content\/uploads\/2025\/12\/erfuge-angoumois-25-10-25-grain-de-pixel-357-1-1024x682.jpg 1024w, https:\/\/adopter.graindepixel.fr\/version\/wp-content\/uploads\/2025\/12\/erfuge-angoumois-25-10-25-grain-de-pixel-357-1-300x200.jpg 300w, https:\/\/adopter.graindepixel.fr\/version\/wp-content\/uploads\/2025\/12\/erfuge-angoumois-25-10-25-grain-de-pixel-357-1-768x511.jpg 768w, https:\/\/adopter.graindepixel.fr\/version\/wp-content\/uploads\/2025\/12\/erfuge-angoumois-25-10-25-grain-de-pixel-357-1-1536x1022.jpg 1536w, https:\/\/adopter.graindepixel.fr\/version\/wp-content\/uploads\/2025\/12\/erfuge-angoumois-25-10-25-grain-de-pixel-357-1.jpg 2048w\" sizes=\"auto, (max-width: 1024px) 100vw, 1024px\" \/>\t\t\t\t\t\t\t\t\t\t\t\t\t\t\t<\/p>\n<h2>Chiens cat\u00e9goris\u00e9s : bien s\u2019informer<br \/>\n<\/h2>\n<p>Face aux nombreux accidents, parfois mortels, survenus dans les ann\u00e9es 90 mettant en cause des chiens de type Pitbull, et face au d\u00e9veloppement de cet animal \u00e0 cette p\u00e9riode, dans certains quartiers dits \u00absensibles\u00bb, le l\u00e9gislateur a \u00e9t\u00e9 contraint d\u2019adopter une s\u00e9rie de lois relatives aux animaux dangereux et errants et \u00e0 la protection des animaux.<\/p>\n<p>\u00a0<\/p>\n<p>Il s\u2019agit de la loi n\u00b099-5 du 6 Janvier 1999 paru au Journal Officiel n\u00b05 du 7 Janvier 1999. Elle s\u2019accompagne de mesures de renforcement des moyens d\u2019intervention de la police, de contr\u00f4le de la d\u00e9tention de certains animaux par certaines personnes ; l\u2019identification, la vaccination, l\u2019assurance, les modalit\u00e9s de garde, le contr\u00f4le des chiens dans les espaces publics compl\u00e8tent le dispositif \u00abchiens dangereux\u00bb.<\/p>\n<p>\u00a0<\/p>\n<p>Le dispositif l\u00e9gal \u00e9voqu\u00e9 ci-dessus d\u00e9finit le chien dangereux comme un chien de premi\u00e8re ou de deuxi\u00e8me cat\u00e9gorie dont la d\u00e9tention doit r\u00e9pondre \u00e0 un certain nombre de crit\u00e8res que nous \u00e9voquerons plus avant.<\/p>\n<p>Un arr\u00eat\u00e9 du 27 Avril 1999 \u00e9manant du Ministre de l\u2019Agriculture et de la P\u00eache et du Ministre de l\u2019Int\u00e9rieur, a fix\u00e9 la liste des chiens dits \u00ab dangereux \u00bb.<\/p>\n<details id=\"e-n-accordion-item-2070\" open>\n<summary data-accordion-index=\"1\" tabindex=\"0\" aria-expanded=\"true\" aria-controls=\"e-n-accordion-item-2070\" >\n\t\t\t\t\t Les chiens de 1\u00e8re cat\u00e9gorie<br \/>\n\t\t\t\t\t\t<\/summary>\n<h3 style=\"text-align: center;\">Chiens dits \u00ab d\u2019attaque \u00bb<\/h3>\n<p>Staffordshire terrier ou American Staffordshire terrier non inscrits au Livre des Origines Fran\u00e7ais (LOF), les chiens de type Mastiff ou Tosa non inscrits au LOF.<\/p>\n<p>\u00a0<\/p>\n<p>Il s\u2019agit donc de chiens caract\u00e9ris\u00e9s uniquement par leur type morphologique assimilable aux races concern\u00e9es, mais qui n\u2019appartiennent pas \u00e0 des races pr\u00e9cises d\u2019o\u00f9 une \u00e9ventuelle difficult\u00e9 \u00e0 les identifier. Le propri\u00e9taire ne peut en aucun cas retracer l\u2019origine de l\u2019animal par un document quelconque.<\/p>\n<\/details>\n<details id=\"e-n-accordion-item-2071\" >\n<summary data-accordion-index=\"2\" tabindex=\"-1\" aria-expanded=\"false\" aria-controls=\"e-n-accordion-item-2071\" >\n\t\t\t\t\t Les chiens de 2\u00e8me cat\u00e9gorie<br \/>\n\t\t\t\t\t\t<\/summary>\n<h3 style=\"text-align: center;\">Chiens de garde et de d\u00e9fense<\/h3>\n<p>American Staffordshire terrier et Tosa inscrits au LOF, les chiens de races Rottweiller inscrits ou non au LOF.<\/p>\n<\/details>\n<details id=\"e-n-accordion-item-2072\" >\n<summary data-accordion-index=\"3\" tabindex=\"-1\" aria-expanded=\"false\" aria-controls=\"e-n-accordion-item-2072\" >\n\t\t\t\t\t A savoir<br \/>\n\t\t\t\t\t\t<\/summary>\n<p><strong>Le chien de race Staffordshire bull terrier<\/strong> n\u2019appartient \u00e0 aucune de ces cat\u00e9gories.<\/p>\n<p>\u00a0<\/p>\n<p><strong>Quelle que soit la cat\u00e9gorie, les chiens vis\u00e9s dans le pr\u00e9sent arr\u00eat\u00e9<\/strong> sont des molosses d\u00e9finis par un corps massif et \u00e9pais, une forte ossature et un cou \u00e9pais. La poitrine est puissante, large, cylindrique avec les c\u00f4tes arqu\u00e9es. Leur t\u00eate large est massive, le cr\u00e2ne et le museau sont de forme plus ou moins cubique.<\/p>\n<\/details>\n<h3 style=\"text-align: center;\">Chiens dits \u00ab d\u2019attaque \u00bb<\/h3>\n<p>Staffordshire terrier ou American Staffordshire terrier non inscrits au Livre des Origines Fran\u00e7ais (LOF), les chiens de type Mastiff ou Tosa non inscrits au LOF.<\/p>\n<p>\u00a0<\/p>\n<p>Il s\u2019agit donc de chiens caract\u00e9ris\u00e9s uniquement par leur type morphologique assimilable aux races concern\u00e9es, mais qui n\u2019appartiennent pas \u00e0 des races pr\u00e9cises d\u2019o\u00f9 une \u00e9ventuelle difficult\u00e9 \u00e0 les identifier. Le propri\u00e9taire ne peut en aucun cas retracer l\u2019origine de l\u2019animal par un document quelconque.<\/p>\n<h3 style=\"text-align: center;\">Chiens de garde et de d\u00e9fense<\/h3>\n<p>American Staffordshire terrier et Tosa inscrits au LOF, les chiens de races Rottweiller inscrits ou non au LOF.<\/p>\n<p><strong>Le chien de race Staffordshire bull terrier<\/strong> n\u2019appartient \u00e0 aucune de ces cat\u00e9gories.<\/p>\n<p>\u00a0<\/p>\n<p><strong>Quelle que soit la cat\u00e9gorie, les chiens vis\u00e9s dans le pr\u00e9sent arr\u00eat\u00e9<\/strong> sont des molosses d\u00e9finis par un corps massif et \u00e9pais, une forte ossature et un cou \u00e9pais. La poitrine est puissante, large, cylindrique avec les c\u00f4tes arqu\u00e9es. Leur t\u00eate large est massive, le cr\u00e2ne et le museau sont de forme plus ou moins cubique.<\/p>\n<h2>Interdiction et obligation<\/h2>\n<p>La d\u00e9tention d\u2019un chien de cat\u00e9gorie impose un certain nombre d\u2018interdictions et d\u2019obligations \u00e0 son propri\u00e9taire et aux autorit\u00e9s publiques. Le non respect de cette r\u00e9glementation est passible de sanctions pouvant aller dans certains cas jusqu\u2019\u00e0 un emprisonnement de 6 mois.<\/p>\n<p>\u00a0<\/p>\n<p style=\"text-align: center;\"><strong>On pourra mentionner des obligations sp\u00e9cifiques \u00e0 chaque cat\u00e9gorie :<\/strong><\/p>\n<h3>Les obligations pour les propri\u00e9taires de chiens de 1\u00e8re cat\u00e9gorie<\/h3>\n<p>\t\t\t\t\t\t\t\t\t\t\t\t\t\t\t<img loading=\"lazy\" decoding=\"async\" width=\"1024\" height=\"682\" src=\"https:\/\/adopter.graindepixel.fr\/version\/wp-content\/uploads\/2025\/12\/refuge-angoumois-13-10-23-graindepixel-199-1024x682.jpg\" alt=\"chiens de cat\u00e9gorie - refuge de l&#039;Angoumois - SPA de Charente - cr\u00e9dit photo : franck simon - photographe canin \u00e0 Angoul\u00eame\" srcset=\"https:\/\/adopter.graindepixel.fr\/version\/wp-content\/uploads\/2025\/12\/refuge-angoumois-13-10-23-graindepixel-199-1024x682.jpg 1024w, https:\/\/adopter.graindepixel.fr\/version\/wp-content\/uploads\/2025\/12\/refuge-angoumois-13-10-23-graindepixel-199-300x200.jpg 300w, https:\/\/adopter.graindepixel.fr\/version\/wp-content\/uploads\/2025\/12\/refuge-angoumois-13-10-23-graindepixel-199-768x511.jpg 768w, https:\/\/adopter.graindepixel.fr\/version\/wp-content\/uploads\/2025\/12\/refuge-angoumois-13-10-23-graindepixel-199-1536x1022.jpg 1536w, https:\/\/adopter.graindepixel.fr\/version\/wp-content\/uploads\/2025\/12\/refuge-angoumois-13-10-23-graindepixel-199.jpg 2048w\" sizes=\"auto, (max-width: 1024px) 100vw, 1024px\" \/>\t\t\t\t\t\t\t\t\t\t\t\t\t\t\t<\/p>\n<ul>\n<li><strong>Obtention d\u2019un permis de d\u00e9tention :<\/strong> Avant l\u2019acquisition d\u2019un chien de premi\u00e8re cat\u00e9gorie, le propri\u00e9taire potentiel doit obtenir un permis de d\u00e9tention d\u00e9livr\u00e9 par la mairie de sa commune de r\u00e9sidence. Ce permis est conditionn\u00e9 \u00e0 certaines exigences, telles que la majorit\u00e9 de l\u2019individu, l\u2019absence d\u2019ant\u00e9c\u00e9dents judiciaires, etc.<\/li>\n<li><strong>\u00c9valuation comportementale :<\/strong> Les propri\u00e9taires de chiens de premi\u00e8re cat\u00e9gorie doivent soumettre leur chien \u00e0 une \u00e9valuation comportementale r\u00e9alis\u00e9e par un v\u00e9t\u00e9rinaire habilit\u00e9, afin de d\u00e9terminer le niveau de dangerosit\u00e9 et d\u2019agressivit\u00e9 de l\u2019animal.<\/li>\n<li><strong>St\u00e9rilisation :<\/strong> Les chiens de premi\u00e8re cat\u00e9gorie doivent obligatoirement \u00eatre st\u00e9rilis\u00e9s, sauf d\u00e9rogation d\u00e9livr\u00e9e par un v\u00e9t\u00e9rinaire.<\/li>\n<li><strong>Assurance responsabilit\u00e9 civile sp\u00e9cifique :<\/strong> Les propri\u00e9taires doivent souscrire une assurance responsabilit\u00e9 civile sp\u00e9cifique pour leur chien, couvrant les dommages corporels ou mat\u00e9riels qu\u2019il pourrait causer \u00e0 autrui.<\/li>\n<li><strong>Identification :<\/strong> Les chiens de premi\u00e8re cat\u00e9gorie doivent \u00eatre identifi\u00e9s par puce \u00e9lectronique, et leur propri\u00e9taire doit veiller \u00e0 ce que cette identification soit toujours \u00e0 jour.<\/li>\n<li><strong>Port de museli\u00e8re et laisse :\u00a0<\/strong> Lorsqu\u2019ils sont en public, ces chiens doivent \u00eatre tenus en laisse et munis d\u2019une museli\u00e8re adapt\u00e9e.<\/li>\n<li><strong>D\u00e9claration en cas de vente, don ou d\u00e9c\u00e8s<\/strong> : Tout changement de propri\u00e9t\u00e9 ou la mort d\u2019un chien de premi\u00e8re cat\u00e9gorie doivent \u00eatre d\u00e9clar\u00e9s \u00e0 la mairie dans les 48 heures.<\/li>\n<\/ul>\n<h3>Les obligations pour les propri\u00e9taires de chiens de 2\u00e8me cat\u00e9gorie<br \/>\n<\/h3>\n<p>\t\t\t\t\t\t\t\t\t\t\t\t\t\t\t<img loading=\"lazy\" decoding=\"async\" width=\"1024\" height=\"682\" src=\"https:\/\/adopter.graindepixel.fr\/version\/wp-content\/uploads\/2025\/12\/refuge-angoumois-19-07-25-grain-de-pixel-123-1024x682.jpg\" alt=\"refuge angoumois 19 07 25 grain de pixel 123\" srcset=\"https:\/\/adopter.graindepixel.fr\/version\/wp-content\/uploads\/2025\/12\/refuge-angoumois-19-07-25-grain-de-pixel-123-1024x682.jpg 1024w, https:\/\/adopter.graindepixel.fr\/version\/wp-content\/uploads\/2025\/12\/refuge-angoumois-19-07-25-grain-de-pixel-123-300x200.jpg 300w, https:\/\/adopter.graindepixel.fr\/version\/wp-content\/uploads\/2025\/12\/refuge-angoumois-19-07-25-grain-de-pixel-123-768x511.jpg 768w, https:\/\/adopter.graindepixel.fr\/version\/wp-content\/uploads\/2025\/12\/refuge-angoumois-19-07-25-grain-de-pixel-123-1536x1022.jpg 1536w, https:\/\/adopter.graindepixel.fr\/version\/wp-content\/uploads\/2025\/12\/refuge-angoumois-19-07-25-grain-de-pixel-123.jpg 2048w\" sizes=\"auto, (max-width: 1024px) 100vw, 1024px\" \/>\t\t\t\t\t\t\t\t\t\t\t\t\t\t\t<\/p>\n<ul>\n<li><strong>Obtention d\u2019un permis de d\u00e9tention :<\/strong> Tout comme pour les chiens de premi\u00e8re cat\u00e9gorie, les propri\u00e9taires de chiens de deuxi\u00e8me cat\u00e9gorie doivent obtenir un permis de d\u00e9tention aupr\u00e8s de la mairie de leur lieu de r\u00e9sidence.<\/li>\n<li><strong>Assurance responsabilit\u00e9 civile :<\/strong> Les propri\u00e9taires doivent souscrire une assurance responsabilit\u00e9 civile sp\u00e9cifique pour leur chien. Cette assurance doit couvrir les dommages corporels ou mat\u00e9riels que l\u2019animal pourrait causer \u00e0 autrui.<\/li>\n<li><strong>Identification :<\/strong> Les chiens de deuxi\u00e8me cat\u00e9gorie doivent \u00eatre identifi\u00e9s par puce \u00e9lectronique, et leur propri\u00e9taire doit veiller \u00e0 ce que cette identification soit toujours \u00e0 jour.<\/li>\n<li><strong>Vaccination antirabique :<\/strong> Les propri\u00e9taires doivent garantir que leur chien a re\u00e7u une vaccination antirabique \u00e0 jour, conform\u00e9ment \u00e0 la r\u00e9glementation en vigueur.<\/li>\n<li><strong>D\u00e9claration en cas de vente, don ou d\u00e9c\u00e8s :<\/strong> Comme pour les chiens de premi\u00e8re cat\u00e9gorie, tout changement de propri\u00e9t\u00e9 ou la mort d\u2019un chien de deuxi\u00e8me cat\u00e9gorie doivent \u00eatre d\u00e9clar\u00e9s \u00e0 la mairie dans les 48 heures.<\/li>\n<li><strong>Tenue en laisse et ma\u00eetrise de l\u2019animal :<\/strong> Bien que les chiens de deuxi\u00e8me cat\u00e9gorie ne soient pas oblig\u00e9s de porter une museli\u00e8re en public, les propri\u00e9taires doivent veiller \u00e0 maintenir leur chien en laisse et \u00e0 le ma\u00eetriser efficacement pour \u00e9viter tout incident.<\/li>\n<\/ul>\n<p>\t\t\t\t\t\t\t\t\t\t\t\t\t\t\t<img loading=\"lazy\" decoding=\"async\" width=\"1024\" height=\"682\" src=\"https:\/\/adopter.graindepixel.fr\/version\/wp-content\/uploads\/2025\/12\/sans-titre-195-1024x682.jpg\" alt=\"chiens de cat\u00e9gorie - refuge de l&#039;Angoumois - SPA de Charente - cr\u00e9dit photo : franck simon - photographe canin \u00e0 Angoul\u00eame\" srcset=\"https:\/\/adopter.graindepixel.fr\/version\/wp-content\/uploads\/2025\/12\/sans-titre-195-1024x682.jpg 1024w, https:\/\/adopter.graindepixel.fr\/version\/wp-content\/uploads\/2025\/12\/sans-titre-195-300x200.jpg 300w, https:\/\/adopter.graindepixel.fr\/version\/wp-content\/uploads\/2025\/12\/sans-titre-195-768x511.jpg 768w, https:\/\/adopter.graindepixel.fr\/version\/wp-content\/uploads\/2025\/12\/sans-titre-195-1536x1022.jpg 1536w, https:\/\/adopter.graindepixel.fr\/version\/wp-content\/uploads\/2025\/12\/sans-titre-195.jpg 2048w\" sizes=\"auto, (max-width: 1024px) 100vw, 1024px\" \/><br \/>\n\t\t\t\t\t\t\t\t\t\t\t\t\t\t\t<img loading=\"lazy\" decoding=\"async\" width=\"1024\" height=\"682\" src=\"https:\/\/adopter.graindepixel.fr\/version\/wp-content\/uploads\/2025\/12\/Rrefuge-de-lAngoumois-13-09-25-138-1024x682.jpg\" alt=\"chiens de cat\u00e9gorie - refuge de l&#039;Angoumois - SPA de Charente - cr\u00e9dit photo : franck simon - photographe canin \u00e0 Angoul\u00eame\" srcset=\"https:\/\/adopter.graindepixel.fr\/version\/wp-content\/uploads\/2025\/12\/Rrefuge-de-lAngoumois-13-09-25-138-1024x682.jpg 1024w, https:\/\/adopter.graindepixel.fr\/version\/wp-content\/uploads\/2025\/12\/Rrefuge-de-lAngoumois-13-09-25-138-300x200.jpg 300w, https:\/\/adopter.graindepixel.fr\/version\/wp-content\/uploads\/2025\/12\/Rrefuge-de-lAngoumois-13-09-25-138-768x511.jpg 768w, https:\/\/adopter.graindepixel.fr\/version\/wp-content\/uploads\/2025\/12\/Rrefuge-de-lAngoumois-13-09-25-138-1536x1022.jpg 1536w, https:\/\/adopter.graindepixel.fr\/version\/wp-content\/uploads\/2025\/12\/Rrefuge-de-lAngoumois-13-09-25-138.jpg 2048w\" sizes=\"auto, (max-width: 1024px) 100vw, 1024px\" \/><br \/>\n\t\t\t\t\t\t\t\t\t\t\t\t\t\t\t<img loading=\"lazy\" decoding=\"async\" width=\"1024\" height=\"682\" src=\"https:\/\/adopter.graindepixel.fr\/version\/wp-content\/uploads\/2025\/12\/reguge-de-l-angoumois-grain-de-pixel-photographe-charente-571-1024x682.jpg\" alt=\"reguge de l angoumois grain de pixel photographe charente 571\" srcset=\"https:\/\/adopter.graindepixel.fr\/version\/wp-content\/uploads\/2025\/12\/reguge-de-l-angoumois-grain-de-pixel-photographe-charente-571-1024x682.jpg 1024w, https:\/\/adopter.graindepixel.fr\/version\/wp-content\/uploads\/2025\/12\/reguge-de-l-angoumois-grain-de-pixel-photographe-charente-571-300x200.jpg 300w, https:\/\/adopter.graindepixel.fr\/version\/wp-content\/uploads\/2025\/12\/reguge-de-l-angoumois-grain-de-pixel-photographe-charente-571-768x511.jpg 768w, https:\/\/adopter.graindepixel.fr\/version\/wp-content\/uploads\/2025\/12\/reguge-de-l-angoumois-grain-de-pixel-photographe-charente-571-1536x1022.jpg 1536w, https:\/\/adopter.graindepixel.fr\/version\/wp-content\/uploads\/2025\/12\/reguge-de-l-angoumois-grain-de-pixel-photographe-charente-571.jpg 2048w\" sizes=\"auto, (max-width: 1024px) 100vw, 1024px\" \/>\t\t\t\t\t\t\t\t\t\t\t\t\t\t\t<\/p>\n<h2>Les chiens cat\u00e9goris\u00e9s : clich\u00e9s et id\u00e9es re\u00e7ues<\/h2>\n<p>Les clich\u00e9s sur les chiens cat\u00e9goris\u00e9s, souvent consid\u00e9r\u00e9s comme dangereux, sont souvent le r\u00e9sultat de st\u00e9r\u00e9otypes et de perceptions erron\u00e9es. Ces st\u00e9r\u00e9otypes peuvent provenir d\u2019incidents m\u00e9diatis\u00e9s impliquant des chiens de certaines races ou types, ce qui a contribu\u00e9 \u00e0 r\u00e9pandre des id\u00e9es pr\u00e9con\u00e7ues sur ces animaux. Il est important de comprendre que tous les chiens sont individuels et leur comportement est souvent influenc\u00e9 par leur \u00e9ducation, leur environnement, et leur socialisation, plut\u00f4t que par leur race uniquement.<\/p>\n<p>\u00a0<\/p>\n<p><strong>\u00c9ducation et socialisation :<\/strong> Le comportement d\u2019un chien d\u00e9pend largement de son \u00e9ducation et de sa socialisation. Un chien bien \u00e9duqu\u00e9 et correctement socialis\u00e9, ind\u00e9pendamment de sa race, aura plus de chances de pr\u00e9senter un comportement \u00e9quilibr\u00e9 et amical envers les humains et les autres animaux.<\/p>\n<p><strong>Responsabilit\u00e9 des propri\u00e9taires :<\/strong> Les propri\u00e9taires jouent un r\u00f4le essentiel dans le comportement de leur chien. Un propri\u00e9taire responsable qui fournit \u00e0 son chien des soins ad\u00e9quats, une \u00e9ducation positive, une socialisation pr\u00e9coce et continue, ainsi que des conditions de vie appropri\u00e9es, r\u00e9duira consid\u00e9rablement les risques de comportement agressif.<\/p>\n<p><strong>L\u00e9gislation et r\u00e9glementation :<\/strong> Les lois et r\u00e9glementations concernant les chiens cat\u00e9goris\u00e9s varient selon les pays et peuvent \u00eatre bas\u00e9es sur des perceptions de dangerosit\u00e9 qui ne correspondent pas toujours \u00e0 la r\u00e9alit\u00e9. Ces lois peuvent parfois alimenter les st\u00e9r\u00e9otypes autour de certaines races de chiens.<\/p>\n<p><strong>Individus uniques :<\/strong> Chaque chien est un individu unique et le comportement d\u2019un chien ne peut \u00eatre d\u00e9termin\u00e9 uniquement par sa race. Les g\u00e9n\u00e9ralisations sur le comportement des races de chiens peuvent \u00eatre trompeuses, car les traits de personnalit\u00e9 et les comportements varient d\u2019un chien \u00e0 l\u2019autre, m\u00eame au sein d\u2019une m\u00eame race.<\/p>\n<p>Il est essentiel de traiter chaque chien individuellement et de consid\u00e9rer l\u2019importance de l\u2019\u00e9ducation, de la socialisation et du comportement individuel plut\u00f4t que de se fier uniquement \u00e0 des g\u00e9n\u00e9ralisations bas\u00e9es sur la race. Les st\u00e9r\u00e9otypes sur les chiens cat\u00e9goris\u00e9s ne refl\u00e8tent pas n\u00e9cessairement la r\u00e9alit\u00e9 pour chaque chien ou chaque propri\u00e9taire.<\/p>\n","protected":false},"excerpt":{"rendered":"<p>Les chiens de cat\u00e9gorie Refuge de l&rsquo;Angoumois &#8211; SPA de Mornac Chiens cat\u00e9goris\u00e9s : bien s\u2019informer Face aux nombreux accidents, parfois mortels, survenus dans les ann\u00e9es 90 mettant en cause des chiens de type Pitbull, et face au d\u00e9veloppement de cet animal \u00e0 cette p\u00e9riode, dans certains quartiers dits \u00absensibles\u00bb, le l\u00e9gislateur a \u00e9t\u00e9 contraint [&hellip;]<\/p>\n","protected":false},"author":1,"featured_media":1754,"parent":0,"menu_order":0,"comment_status":"closed","ping_status":"closed","template":"","meta":{"_acf_changed":false,"footnotes":""},"class_list":["post-1753","page","type-page","status-publish","has-post-thumbnail","hentry"],"acf":[],"_links":{"self":[{"href":"https:\/\/adopter.graindepixel.fr\/version\/wp-json\/wp\/v2\/pages\/1753","targetHints":{"allow":["GET"]}}],"collection":[{"href":"https:\/\/adopter.graindepixel.fr\/version\/wp-json\/wp\/v2\/pages"}],"about":[{"href":"https:\/\/adopter.graindepixel.fr\/version\/wp-json\/wp\/v2\/types\/page"}],"author":[{"embeddable":true,"href":"https:\/\/adopter.graindepixel.fr\/version\/wp-json\/wp\/v2\/users\/1"}],"replies":[{"embeddable":true,"href":"https:\/\/adopter.graindepixel.fr\/version\/wp-json\/wp\/v2\/comments?post=1753"}],"version-history":[{"count":0,"href":"https:\/\/adopter.graindepixel.fr\/version\/wp-json\/wp\/v2\/pages\/1753\/revisions"}],"wp:featuredmedia":[{"embeddable":true,"href":"https:\/\/adopter.graindepixel.fr\/version\/wp-json\/wp\/v2\/media\/1754"}],"wp:attachment":[{"href":"https:\/\/adopter.graindepixel.fr\/version\/wp-json\/wp\/v2\/media?parent=1753"}],"curies":[{"name":"wp","href":"https:\/\/api.w.org\/{rel}","templated":true}]}}