{"id":1772,"date":"2023-11-27T16:04:46","date_gmt":"2023-11-27T15:04:46","guid":{"rendered":"https:\/\/refuge.graindepixel.fr\/wordpress\/?page_id=1772"},"modified":"2026-02-28T17:17:26","modified_gmt":"2026-02-28T16:17:26","slug":"adopter-un-chien-age-doyen","status":"publish","type":"page","link":"https:\/\/adopter.graindepixel.fr\/version\/adopter-un-chien-age-doyen\/","title":{"rendered":"Adopter un chien \u00e2g\u00e9"},"content":{"rendered":"<h1>Adopter un chien \u00e2g\u00e9<\/h1>\n<h2>Les chiens seniors en refuge<br \/>\n<\/h2>\n<h2>Plaidoyer pour l\u2019adoption<br \/>\nd\u2019un chien \u00e2g\u00e9<\/h2>\n<p>\t\t\t\t\t\t\t\t\t\t\t\t\t\t\t\t<a href=\"https:\/\/adopter.graindepixel.fr\/version\/wp-content\/uploads\/2025\/12\/Rrefuge-de-lAngoumois-13-09-25-247-1.jpg\" data-elementor-open-lightbox=\"yes\" data-elementor-lightbox-title=\"Adopter un chien \u00e2g\u00e9 en refuge - refuge de l&#039;angoumois - Charente - photographe : Franck Simon - Grain de Pixel\" data-elementor-lightbox-description=\"Adopter un chien \u00e2g\u00e9 en refuge - refuge de l&#039;angoumois - Charente - photographe : Franck Simon - Grain de Pixel\" data-e-action-hash=\"#elementor-action%3Aaction%3Dlightbox%26settings%3DeyJpZCI6ODM1NiwidXJsIjoiaHR0cHM6XC9cL3d3dy5hZG9wdGVyLmdyYWluZGVwaXhlbC5mclwvdmVyc2lvblwvd3AtY29udGVudFwvdXBsb2Fkc1wvMjAyNVwvMTJcL1JyZWZ1Z2UtZGUtbEFuZ291bW9pcy0xMy0wOS0yNS0yNDcuanBnIn0%3D\"><br \/>\n\t\t\t\t\t\t\t<img loading=\"lazy\" decoding=\"async\" width=\"1024\" height=\"682\" src=\"https:\/\/adopter.graindepixel.fr\/version\/wp-content\/uploads\/2025\/12\/Rrefuge-de-lAngoumois-13-09-25-247-1024x682.jpg\" alt=\"Adopter un chien \u00e2g\u00e9 en refuge - refuge de l&#039;angoumois - Charente - photographe : Franck Simon - Grain de Pixel\" srcset=\"https:\/\/adopter.graindepixel.fr\/version\/wp-content\/uploads\/2025\/12\/Rrefuge-de-lAngoumois-13-09-25-247-1024x682.jpg 1024w, https:\/\/adopter.graindepixel.fr\/version\/wp-content\/uploads\/2025\/12\/Rrefuge-de-lAngoumois-13-09-25-247-300x200.jpg 300w, https:\/\/adopter.graindepixel.fr\/version\/wp-content\/uploads\/2025\/12\/Rrefuge-de-lAngoumois-13-09-25-247-768x511.jpg 768w, https:\/\/adopter.graindepixel.fr\/version\/wp-content\/uploads\/2025\/12\/Rrefuge-de-lAngoumois-13-09-25-247-1536x1022.jpg 1536w, https:\/\/adopter.graindepixel.fr\/version\/wp-content\/uploads\/2025\/12\/Rrefuge-de-lAngoumois-13-09-25-247-1.jpg 2048w\" sizes=\"auto, (max-width: 1024px) 100vw, 1024px\" \/>\t\t\t\t\t\t\t\t<\/a><br \/>\n\t\t\t\t\t\t\t\t\t\t\t\t\t\t\t<img loading=\"lazy\" decoding=\"async\" width=\"1024\" height=\"682\" src=\"https:\/\/adopter.graindepixel.fr\/version\/wp-content\/uploads\/2025\/11\/refuge-angoumois-22-02-25-grain-de-pixel-67-1024x682.jpg\" alt=\"op\u00e9ration doyens - adoptez un senior - refuge de l&#039;Angoumois - SPA de Mornac - Charente - cr\u00e9dit photo : Franck Simon\" srcset=\"https:\/\/adopter.graindepixel.fr\/version\/wp-content\/uploads\/2025\/11\/refuge-angoumois-22-02-25-grain-de-pixel-67-1024x682.jpg 1024w, https:\/\/adopter.graindepixel.fr\/version\/wp-content\/uploads\/2025\/11\/refuge-angoumois-22-02-25-grain-de-pixel-67-300x200.jpg 300w, https:\/\/adopter.graindepixel.fr\/version\/wp-content\/uploads\/2025\/11\/refuge-angoumois-22-02-25-grain-de-pixel-67-768x511.jpg 768w, https:\/\/adopter.graindepixel.fr\/version\/wp-content\/uploads\/2025\/11\/refuge-angoumois-22-02-25-grain-de-pixel-67-1536x1022.jpg 1536w, https:\/\/adopter.graindepixel.fr\/version\/wp-content\/uploads\/2025\/11\/refuge-angoumois-22-02-25-grain-de-pixel-67.jpg 2048w\" sizes=\"auto, (max-width: 1024px) 100vw, 1024px\" \/>\t\t\t\t\t\t\t\t\t\t\t\t\t\t\t<\/p>\n<p>Adopter un chien \u00e2g\u00e9, c\u2019est lui donner une autre chance. C\u2019est lui prouver qu\u2019il a encore des raisons de vivre et de se battre, et lui offrir une retraite paisible dans un foyer chaleureux, loin des barreaux et du stress du refuge.<\/p>\n<p>\u00a0<\/p>\n<p>Malheureusement, les ann\u00e9es d\u00e9filent, il voit les gens passer et repasser devant son box sans le moindre regard pour lui et voil\u00e0, ces m\u00eames personnes ont adopt\u00e9 un de ses petits compagnons d\u2019infortune, plus jeunes plus vigoureux; il les voit partir, eux qui ont la chance de retrouver le bonheur d\u2019une famille et lui, il est toujours l\u00e0 \u00e0 attendre derri\u00e8re ses barreaux . Il attend que quelqu\u2019un vienne et le prenne, lui qui a tant de choses, d\u2019affection et d\u2019amour \u00e0 revendre, \u00e0 donner.<\/p>\n<p>\u00a0<\/p>\n<p>Regardez bien ce chien : ne lit-on pas dans ses yeux , dans son regard de la d\u00e9tresse et la peine des vieux chiens qui n\u2019ont presque plus d\u2019espoir de pouvoir vivre un jour loin de ces barreaux, ces heures, seul, \u00e0 attendre malgr\u00e9 les c\u00e2lins et l\u2019Amour que peuvent donner les b\u00e9n\u00e9voles et les salari\u00e9s du Refuge, cela ne remplace pas le bonheur d\u2019avoir une famille, une maison pour lui, d\u2019un chez lui !<\/p>\n<p>\u00a0<\/p>\n<p>Comment peut-il croire encore au bonheur, en un bel avenir, alors que plus les jours passent, moins les adoptants s\u2019int\u00e9ressent \u00e0 lui ??? Quoi de plus terrible et horrible que de voir un chien finir sa vie et mourir au Refuge ? Alors, s\u2019il vous pla\u00eet, prenez le temps de vous arr\u00eater devant son box, de vous approcher, de lui lancer un regard, de le caresser, et vous ne resterez pas insensible \u00e0 cette boule de poil merveilleuse qui est devant vous.<\/p>\n<p>\u00a0<\/p>\n<p>Aidez-le \u00e0 retrouver la joie de vivre, montrez lui que les humains peuvent avoir un bon fond, et qu\u2019il peut \u00eatre aim\u00e9 et ch\u00e9ri par un ma\u00eetre jusqu\u2019\u00e0 son dernier jour de vie.<\/p>\n<p>\t\t\t\t\t\t\t\t\t\t\t\t\t\t\t<img loading=\"lazy\" decoding=\"async\" width=\"1024\" height=\"682\" src=\"https:\/\/adopter.graindepixel.fr\/version\/wp-content\/uploads\/2025\/12\/sans-titre-139-Modifier-1024x682.jpg\" alt=\"Adopter un chien \u00e2g\u00e9 en refuge - refuge de l&#039;angoumois - Charente - photographe : Franck Simon - Grain de Pixel\" srcset=\"https:\/\/adopter.graindepixel.fr\/version\/wp-content\/uploads\/2025\/12\/sans-titre-139-Modifier-1024x682.jpg 1024w, https:\/\/adopter.graindepixel.fr\/version\/wp-content\/uploads\/2025\/12\/sans-titre-139-Modifier-300x200.jpg 300w, https:\/\/adopter.graindepixel.fr\/version\/wp-content\/uploads\/2025\/12\/sans-titre-139-Modifier-768x511.jpg 768w, https:\/\/adopter.graindepixel.fr\/version\/wp-content\/uploads\/2025\/12\/sans-titre-139-Modifier-1536x1022.jpg 1536w, https:\/\/adopter.graindepixel.fr\/version\/wp-content\/uploads\/2025\/12\/sans-titre-139-Modifier.jpg 2048w\" sizes=\"auto, (max-width: 1024px) 100vw, 1024px\" \/><br \/>\n\t\t\t\t\t\t\t\t\t\t\t\t\t\t\t<img loading=\"lazy\" decoding=\"async\" width=\"1024\" height=\"682\" src=\"https:\/\/adopter.graindepixel.fr\/version\/wp-content\/uploads\/2025\/12\/Rrefuge-de-lAngoumois-13-09-25-547-1024x682.jpg\" alt=\"Adopter un chien \u00e2g\u00e9 en refuge - refuge de l&#039;angoumois - Charente - photographe : Franck Simon - Grain de Pixel\" srcset=\"https:\/\/adopter.graindepixel.fr\/version\/wp-content\/uploads\/2025\/12\/Rrefuge-de-lAngoumois-13-09-25-547-1024x682.jpg 1024w, https:\/\/adopter.graindepixel.fr\/version\/wp-content\/uploads\/2025\/12\/Rrefuge-de-lAngoumois-13-09-25-547-300x200.jpg 300w, https:\/\/adopter.graindepixel.fr\/version\/wp-content\/uploads\/2025\/12\/Rrefuge-de-lAngoumois-13-09-25-547-768x511.jpg 768w, https:\/\/adopter.graindepixel.fr\/version\/wp-content\/uploads\/2025\/12\/Rrefuge-de-lAngoumois-13-09-25-547-1536x1022.jpg 1536w, https:\/\/adopter.graindepixel.fr\/version\/wp-content\/uploads\/2025\/12\/Rrefuge-de-lAngoumois-13-09-25-547.jpg 2048w\" sizes=\"auto, (max-width: 1024px) 100vw, 1024px\" \/>\t\t\t\t\t\t\t\t\t\t\t\t\t\t\t<\/p>\n<h2>T\u00e9moignage de Nelly<br \/>\n<\/h2>\n<h3>Adoptante d\u2019Orace<\/h3>\n<p>Avec mon ami, nous avons adopt\u00e9 Orace en Janvier 2011, il avait 13 ans. Lorsque nous avons pass\u00e9 pour la premi\u00e8re fois les portes du refuge, nous n\u2019avions pas de crit\u00e8res pr\u00e9cis pour adopter un chien. Peu importait la race, la taille, la couleur ou l\u2019\u00e2ge du chien. Ce qui comptait pour nous, c\u2019\u00e9tait avant tout de prendre un chien qui avait peu de chance d\u2019\u00eatre adopt\u00e9.<\/p>\n<p>\u00a0<\/p>\n<p>Nadine la directrice nous a pr\u00e9sent\u00e9 plusieurs chiens dont Orace. Le choix \u00e9tait vraiment difficile, car tout se lisait dans leurs yeux, on avait tous envie de les prendre !!! Notre choix s\u2019est port\u00e9 sur Orace, sans rien conna\u00eetre de son pass\u00e9, et qui, d\u00e8s nous avoir vu, s\u2019est rapproch\u00e9 pour faire des l\u00e9chouilles avec son regard attendrissant. Il faut dire, qu\u2019il nous a choisi aussi !! On pensait que, m\u00eame si c\u2019\u00e9tait seulement pour 6 mois, vu son \u00e2ge, il aurait une fin de vie heureuse.<\/p>\n<p>\u00a0<\/p>\n<p>Aujourd\u2019hui, 4 ans apr\u00e8s, il est toujours parmi nous !!! A vrai dire il nous \u00e9pate !!! Sans nous conna\u00eetre, Orace nous a tr\u00e8s vite fait confiance. Mais en fait, nous nous sommes tr\u00e8s vite adopt\u00e9s mutuellement. Comme j\u2019aime \u00e0 le dire, il a eu comme une deuxi\u00e8me jeunesse: il a retrouv\u00e9 une s\u00e9r\u00e9nit\u00e9 qui l\u2019a boost\u00e9 et qui je pense, l\u2019aide \u00e0 \u00eatre encore l\u00e0 aujourd\u2019hui.<\/p>\n<p>\u00a0<\/p>\n<p>Que de bons moments partag\u00e9s depuis que nous l\u2019avons !!!<\/p>\n<h3 style=\"text-align: center;\">Notre secret ?<\/h3>\n<p>\u00a0<\/p>\n<ul>\n<li>De l\u2019amour pour lui donner confiance: tant qu\u2019il est en confiance, il s\u2019adapte \u00e0 toutes les situations.<\/li>\n<li>De l\u2019attention, des caresses pour le rassurer.<\/li>\n<li>Beaucoup de balades pour garder une bonne forme physique et un bon moral.<\/li>\n<li>Une alimentation adapt\u00e9e \u00e0 son \u00e2ge, essentiellement \u00e0 base de croquettes (pour seniors).<\/li>\n<li>Les visites n\u00e9cessaires chez le v\u00e9to (finalement rares).<\/li>\n<li>Un petit traitement d\u2019appoint pour garder une sant\u00e9 satisfaisante.<\/li>\n<li>Et surtout ne jamais le laisser de c\u00f4t\u00e9: quoi qu\u2019on fasse, on se soucie de notre chien !<\/li>\n<\/ul>\n<p>\u00a0<\/p>\n<p>L\u2019affection qu\u2019on lui porte, il nous la rend au centuple. Son gros d\u00e9faut constat\u00e9 d\u00e8s le d\u00e9part, c\u2019\u00e9tait les enfants: il grognait. Nous lui avons fait comprendre ce qu\u2019il n\u2019avait pas le droit de faire. Depuis, \u00e7a se passe beaucoup mieux. Nous avons un enfant en bas \u00e2ge, et tout s\u2019est toujours bien pass\u00e9, m\u00eame si nous restons toujours vigilants. Il a compris. Nous restons convaincus qu\u2019un chien peut toujours \u00eatre \u00e9duqu\u00e9, peu importe son \u00e2ge et son pass\u00e9. Il suffit de lui apprendre les limites et surtout d\u2019\u00eatre patient. Avec le temps, tout se passe bien.<\/p>\n<p>\u00a0<\/p>\n<p>Aujourd\u2019hui, il est toujours parmi nous \u00e0 presque 17 ans. Il fait ses balades r\u00e9guli\u00e8res. Il est maintenant sur ses vieux jours, et un jour prochain, il nous quittera. Nous aurons du chagrin, mais au fond de nous, nous savons qu\u2019il aura eu une belle vie \u00e0 nos c\u00f4t\u00e9s, et que nous aurons fait une bonne action. Nous sommes heureux et fiers de cela. Quelle belle aventure !!!<\/p>\n<p>\u00a0<\/p>\n<p style=\"text-align: center;\">Et si on devait nous poser la question: recommenceriez-vous? La r\u00e9ponse est OUI. \u00bb<\/p>\n<p>\u00a0<\/p>\n<p>Tous les chiens \u00e2g\u00e9s m\u00e9ritent de trouver un foyer o\u00f9 ils pourront finir leurs vieux jours sereinement. Il y a forc\u00e9ment un Ulysse, un Wolf, un Orace, ou une Melba qui vous attend et pour qui vous aurez un coup de c\u0153ur. D\u2019autres vous attendent au refuge. Venez les rencontrer !<\/p>\n<p>Savez vous que la Fondation 30 millions d\u2019Amis vous permet d\u2019adopter un chien \u00e2g\u00e9 au Refuge dans le cadre de l\u2019op\u00e9ration Doyen ? N\u2019h\u00e9sitez pas \u00e0 d\u00e9couvrir la rubrique associ\u00e9e. Nos chiens seniors vous attendent avec impatience.<\/p>\n","protected":false},"excerpt":{"rendered":"<p>Adopter un chien \u00e2g\u00e9 Les chiens seniors en refuge Plaidoyer pour l\u2019adoption d\u2019un chien \u00e2g\u00e9 Adopter un chien \u00e2g\u00e9, c\u2019est lui donner une autre chance. C\u2019est lui prouver qu\u2019il a encore des raisons de vivre et de se battre, et lui offrir une retraite paisible dans un foyer chaleureux, loin des barreaux et du stress [&hellip;]<\/p>\n","protected":false},"author":1,"featured_media":1820,"parent":0,"menu_order":0,"comment_status":"closed","ping_status":"closed","template":"","meta":{"_acf_changed":false,"footnotes":""},"class_list":["post-1772","page","type-page","status-publish","has-post-thumbnail","hentry"],"acf":[],"_links":{"self":[{"href":"https:\/\/adopter.graindepixel.fr\/version\/wp-json\/wp\/v2\/pages\/1772","targetHints":{"allow":["GET"]}}],"collection":[{"href":"https:\/\/adopter.graindepixel.fr\/version\/wp-json\/wp\/v2\/pages"}],"about":[{"href":"https:\/\/adopter.graindepixel.fr\/version\/wp-json\/wp\/v2\/types\/page"}],"author":[{"embeddable":true,"href":"https:\/\/adopter.graindepixel.fr\/version\/wp-json\/wp\/v2\/users\/1"}],"replies":[{"embeddable":true,"href":"https:\/\/adopter.graindepixel.fr\/version\/wp-json\/wp\/v2\/comments?post=1772"}],"version-history":[{"count":0,"href":"https:\/\/adopter.graindepixel.fr\/version\/wp-json\/wp\/v2\/pages\/1772\/revisions"}],"wp:featuredmedia":[{"embeddable":true,"href":"https:\/\/adopter.graindepixel.fr\/version\/wp-json\/wp\/v2\/media\/1820"}],"wp:attachment":[{"href":"https:\/\/adopter.graindepixel.fr\/version\/wp-json\/wp\/v2\/media?parent=1772"}],"curies":[{"name":"wp","href":"https:\/\/api.w.org\/{rel}","templated":true}]}}