{"id":2522,"date":"2023-12-10T16:57:45","date_gmt":"2023-12-10T15:57:45","guid":{"rendered":"https:\/\/refuge.graindepixel.fr\/wordpress\/?page_id=2522"},"modified":"2026-01-12T20:57:26","modified_gmt":"2026-01-12T19:57:26","slug":"mentions-legales-refuge-angoumois","status":"publish","type":"page","link":"https:\/\/adopter.graindepixel.fr\/version\/mentions-legales-refuge-angoumois\/","title":{"rendered":"Mentions l\u00e9gales"},"content":{"rendered":"\n\n<div class=\"wp-block-kadence-column kadence-column2522_81b6dd-13 inner-column-1\"><div class=\"kt-inside-inner-col\">\n<h1 class=\"kt-adv-heading2522_b2079f-99 wp-block-kadence-advancedheading has-theme-palette-9-color has-text-color\" data-kb-block=\"kb-adv-heading2522_b2079f-99\">Les mentions l\u00e9gales<\/h1>\n\n\n\n<h3 class=\"kt-adv-heading2522_c364e8-d1 wp-block-kadence-advancedheading has-theme-palette-9-color has-text-color\" data-kb-block=\"kb-adv-heading2522_c364e8-d1\">du site du refuge de l&rsquo;Angoumois<\/h3>\n<\/div><\/div>\n\n\n\n\n\n<div class=\"wp-block-kadence-column kadence-column2522_a0783d-b3\"><div class=\"kt-inside-inner-col\">\n<h2 class=\"kt-adv-heading2522_03b37f-f2 wp-block-kadence-advancedheading\" data-kb-block=\"kb-adv-heading2522_03b37f-f2\">Mentions l\u00e9gales du site<\/h2>\n\n\n\n<h3 class=\"kt-adv-heading2522_f874c3-9a wp-block-kadence-advancedheading\" data-kb-block=\"kb-adv-heading2522_f874c3-9a\">Refuge de l&rsquo;Angoumois &#8211; SPA de Mornac<\/h3>\n\n\n\n<h2 class=\"kt-adv-heading2522_5bb629-77 wp-block-kadence-advancedheading\" data-kb-block=\"kb-adv-heading2522_5bb629-77\">Ce site est \u00e9dit\u00e9 par <\/h2>\n\n\n\n<p><br>REFUGE DE&nbsp;L\u2019ANGOUMOIS -SPA DE MORNAC<br>Route de Bois Long<br>16600 Mornac<br>France<strong><br><\/strong><br><strong>Tel :&nbsp;<\/strong>05 45 65 76 99<\/p>\n\n\n\n<p><strong>Mail&nbsp;:&nbsp;<a href=\"mailto:contact@refugedelangoumois.fr\">contact@refugedelangoumois.fr<\/a><\/strong><\/p>\n\n\n\n<p><strong>Directrice de publication, R\u00e9dacteur en chef et Webmaster :<\/strong> Coralie GUERRY<\/p>\n\n\n\n<h2 class=\"kt-adv-heading2522_2a2a57-c8 wp-block-kadence-advancedheading\" data-kb-block=\"kb-adv-heading2522_2a2a57-c8\">Ce site est h\u00e9berg\u00e9 par <\/h2>\n\n\n\n<p><strong>02switch<\/strong><br>222-224 Boulevard Gustave Flaubert<br>63000 Clermont-Ferrand<br>SARL o2switch au capital de 7500\u20ac<br>RCS : Clermont-Ferrand \u2013 SIRET : 510 909 80700016 \u2013 TVA : FR35510909807<br>La marque o2switch est d\u00e9pos\u00e9e INPI sous le num\u00e9ro 09 3 645 729.<\/p>\n\n\n\n<h2 class=\"kt-adv-heading2522_d38677-d7 wp-block-kadence-advancedheading\" data-kb-block=\"kb-adv-heading2522_d38677-d7\">Conception, r\u00e9alisation et d\u00e9veloppement <\/h2>\n\n\n\n<p>Franck SIMON -Grain de Pixel<br>Photographe \u00e9quin et canin en Charente <br>50 rue des colombes<br>16160 Gond-Pontouvre<br>SIRET 822 844 627 00023<br> <strong><a href=\"https:\/\/www.graindepixel.fr\" data-type=\"link\" data-id=\"https:\/\/www.graindepixel.fr\" target=\"_blank\" rel=\"noopener\">www.graindepixel.fr<\/a><\/strong> &#8211; graindepixel@gmail.com<\/p>\n\n\n\n<h2 class=\"kt-adv-heading2522_89667b-c7 wp-block-kadence-advancedheading\" data-kb-block=\"kb-adv-heading2522_89667b-c7\">Cr\u00e9dit photo <\/h2>\n\n\n\n<p>Franck SIMON -Grain de Pixel<br>Photographe \u00e9quin et canin en Charente <br>50 rue des colombes<br>16160 Gond-Pontouvre<br>SIRET 822 844 627 00023<br> <strong><a href=\"https:\/\/www.graindepixel.fr\" data-type=\"link\" data-id=\"https:\/\/www.graindepixel.fr\" target=\"_blank\" rel=\"noopener\">www.graindepixel.fr<\/a><\/strong> &#8211; graindepixel@gmail.com<\/p>\n\n\n\n<h2 class=\"kt-adv-heading2522_040a20-cb wp-block-kadence-advancedheading\" data-kb-block=\"kb-adv-heading2522_040a20-cb\">Donn\u00e9es personnelles<\/h2>\n\n\n\n<p class=\"justifier\">Les informations recueillies sont regroup\u00e9es sous la d\u00e9signation de compte personnel et sont n\u00e9cessaires pour votre adh\u00e9sion, vos abonnements, vos achats et toute autre demande particuli\u00e8re de votre part sur notre site. Elles font l\u2019objet d\u2019un traitement informatique et sont destin\u00e9es au secr\u00e9tariat de l\u2019association. Nous conservons ces informations pour un usage strictement interne \u00e0 l\u2019association. <\/p>\n\n\n\n<p class=\"justifier\">En application du&nbsp;<a href=\"https:\/\/www.cnil.fr\/fr\/reglement-europeen-protection-donnees\" target=\"_blank\" rel=\"noreferrer noopener\">nouveau r\u00e8glement g\u00e9n\u00e9ral relatif \u00e0 la protection des donn\u00e9es<\/a>&nbsp;(RGPD) applicable au mois de mai 2018,&nbsp; vous b\u00e9n\u00e9ficiez d\u2019un droit \u00e0 l\u2019effacement et d\u2019un droit \u00e0 la portabilit\u00e9 des informations qui vous concernent. Si vous souhaitez exercer ce droit et obtenir communication des informations vous concernant, veuillez vous adresser \u00e0 :<\/p>\n\n\n\n<p><strong>REFUGE DE&nbsp;L\u2019ANGOUMOIS -SPA DE MORNAC<\/strong><br>Route de Bois Long<br>16600 Mornac<br>France<strong><br><\/strong><br><strong>Tel :&nbsp;<\/strong>05 45 65 76 99<\/p>\n\n\n\n<p><strong>Mail&nbsp;:&nbsp;<\/strong><strong><a href=\"mailto:contact@refugedelangoumois.fr\">contact@refugedelangoumois.fr<\/a><\/strong><\/p>\n\n\n\n<h2 class=\"kt-adv-heading2522_758fff-2e wp-block-kadence-advancedheading\" data-kb-block=\"kb-adv-heading2522_758fff-2e\">Propri\u00e9t\u00e9 intellectuelle<\/h2>\n\n\n\n<p>La reproduction partielle ou int\u00e9grale de ce site ( textes, photos, vid\u00e9os ) est interdite sans l\u2019accord du&nbsp;&nbsp;REFUGE DE L\u2019ANGOUMOIS. Les informations des sources ext\u00e9rieures au&nbsp;&nbsp;REFUGE DE L\u2019ANGOUMOIS&nbsp;sont fournies \u00e0 titre indicatif et ne sauraient engager contractuellement la responsabilit\u00e9 du&nbsp;&nbsp;REFUGE DE L\u2019ANGOUMOIS. Le Site et les informations qui y sont publi\u00e9es sont r\u00e9serv\u00e9s \u00e0 la consultation des informations. La cr\u00e9ation de liens point\u00e9s exclusivement vers la page d\u2019accueil du Site est admise.<\/p>\n\n\n\n<h2 class=\"kt-adv-heading2522_84d779-21 wp-block-kadence-advancedheading\" data-kb-block=\"kb-adv-heading2522_84d779-21\">Utilisation des cookies<\/h2>\n\n\n\n<p>Notre site ne g\u00e9n\u00e8re pas de cookies. Cependant &nbsp;dans le cadre des \u00e9volutions , des imp\u00e9ratifs techniques peuvent n\u00e9cessiter &nbsp;l\u2019emploi des cookies , ou certains liens externes &nbsp;peuvent rediriger &nbsp;vers des sites g\u00e9n\u00e9rateurs de cookies ,dans ce cas &nbsp;nous vous rappelons que votre navigateur poss\u00e8de des fonctionnalit\u00e9s qui vous permettent&nbsp; de vous opposer \u00e0 l\u2019enregistrement de cookies, d\u2019\u00eatre pr\u00e9venu avant d\u2019accepter les cookies, ou de les effacer.<\/p>\n<\/div><\/div>\n\n","protected":false},"excerpt":{"rendered":"","protected":false},"author":1,"featured_media":1185,"parent":0,"menu_order":0,"comment_status":"closed","ping_status":"closed","template":"","meta":{"_acf_changed":false,"footnotes":""},"class_list":["post-2522","page","type-page","status-publish","has-post-thumbnail","hentry"],"acf":[],"_links":{"self":[{"href":"https:\/\/adopter.graindepixel.fr\/version\/wp-json\/wp\/v2\/pages\/2522","targetHints":{"allow":["GET"]}}],"collection":[{"href":"https:\/\/adopter.graindepixel.fr\/version\/wp-json\/wp\/v2\/pages"}],"about":[{"href":"https:\/\/adopter.graindepixel.fr\/version\/wp-json\/wp\/v2\/types\/page"}],"author":[{"embeddable":true,"href":"https:\/\/adopter.graindepixel.fr\/version\/wp-json\/wp\/v2\/users\/1"}],"replies":[{"embeddable":true,"href":"https:\/\/adopter.graindepixel.fr\/version\/wp-json\/wp\/v2\/comments?post=2522"}],"version-history":[{"count":0,"href":"https:\/\/adopter.graindepixel.fr\/version\/wp-json\/wp\/v2\/pages\/2522\/revisions"}],"wp:featuredmedia":[{"embeddable":true,"href":"https:\/\/adopter.graindepixel.fr\/version\/wp-json\/wp\/v2\/media\/1185"}],"wp:attachment":[{"href":"https:\/\/adopter.graindepixel.fr\/version\/wp-json\/wp\/v2\/media?parent=2522"}],"curies":[{"name":"wp","href":"https:\/\/api.w.org\/{rel}","templated":true}]}}